{"id":4897,"date":"2021-12-10T13:14:30","date_gmt":"2021-12-10T13:14:30","guid":{"rendered":"https:\/\/timgad.pruebasweb.com.es\/?page_id=4897"},"modified":"2022-03-28T15:15:57","modified_gmt":"2022-03-28T15:15:57","slug":"el-nostre-blog","status":"publish","type":"page","link":"https:\/\/timgad.com\/ca\/el-nostre-blog\/","title":{"rendered":"El nostre Blog"},"content":{"rendered":"<div class=\"fusion-fullwidth fullwidth-box fusion-builder-row-1 fusion-flex-container nonhundred-percent-fullwidth non-hundred-percent-height-scrolling\" style=\"--awb-border-sizes-top:0;--awb-border-sizes-bottom:0;--awb-border-sizes-left:10px;--awb-border-sizes-right:10px;--awb-border-color:#e6f0ed;--awb-border-radius-top-left:0px;--awb-border-radius-top-right:0px;--awb-border-radius-bottom-right:0px;--awb-border-radius-bottom-left:0px;--awb-padding-top:6%;--awb-padding-bottom:6%;--awb-flex-wrap:wrap;\" ><div class=\"fusion-builder-row fusion-row fusion-flex-align-items-flex-start fusion-flex-content-wrap\" style=\"max-width:1300px;margin-left: calc(-4% \/ 2 );margin-right: calc(-4% \/ 2 );\"><div class=\"fusion-layout-column fusion_builder_column fusion-builder-column-0 fusion_builder_column_1_1 1_1 fusion-flex-column\" style=\"--awb-bg-size:cover;--awb-width-large:100%;--awb-margin-top-large:0px;--awb-spacing-right-large:1.92%;--awb-margin-bottom-large:20px;--awb-spacing-left-large:1.92%;--awb-width-medium:100%;--awb-order-medium:0;--awb-spacing-right-medium:1.92%;--awb-spacing-left-medium:1.92%;--awb-width-small:100%;--awb-order-small:0;--awb-spacing-right-small:1.92%;--awb-spacing-left-small:1.92%;\"><div class=\"fusion-column-wrapper fusion-column-has-shadow fusion-flex-justify-content-flex-start fusion-content-layout-column\"><div class=\"fusion-post-cards fusion-post-cards-1 fusion-grid-archive fusion-grid-columns-3\" style=\"--awb-column-spacing:10px;--awb-columns:3;--awb-row-spacing:10px;--awb-columns-small:100%;\" data-post-type-label=\"posts\"><ul class=\"fusion-grid fusion-grid-3 fusion-flex-align-items-flex-start fusion-grid-posts-cards\"><li class=\"fusion-layout-column fusion_builder_column fusion-builder-column-1 fusion-flex-column post-card fusion-grid-column fusion-post-cards-grid-column\" style=\"--awb-bg-size:cover;--awb-flex-grow:0;--awb-flex-shrink:0;--awb-flex-grow-medium:0;--awb-flex-shrink-medium:0;--awb-flex-grow-small:0;--awb-flex-shrink-small:0;\"><div class=\"fusion-column-wrapper fusion-column-has-shadow fusion-flex-justify-content-flex-start fusion-content-layout-column\"><div class=\"fusion-image-element \" style=\"--awb-caption-overlay-color:#65bc7b;--awb-caption-title-font-family:var(--h2_typography-font-family);--awb-caption-title-font-weight:var(--h2_typography-font-weight);--awb-caption-title-font-style:var(--h2_typography-font-style);--awb-caption-title-size:var(--h2_typography-font-size);--awb-caption-title-transform:var(--h2_typography-text-transform);--awb-caption-title-line-height:var(--h2_typography-line-height);--awb-caption-title-letter-spacing:var(--h2_typography-letter-spacing);\"><span class=\" fusion-imageframe imageframe-none imageframe-1 hover-type-none\"><a class=\"fusion-no-lightbox\" href=\"https:\/\/timgad.com\/ca\/jan-isla-conquista-la-cursa-interempreses-can-gavarra-2024-2\/\" target=\"_self\" aria-label=\"cursa5\"><img decoding=\"async\" width=\"600\" height=\"600\" alt=\"Cursa Interempreses 2025\" src=\"https:\/\/timgad.com\/wp-content\/uploads\/cursa5.webp\" class=\"img-responsive wp-image-5836\" srcset=\"https:\/\/timgad.com\/wp-content\/uploads\/cursa5-200x200.webp 200w, https:\/\/timgad.com\/wp-content\/uploads\/cursa5-400x400.webp 400w, https:\/\/timgad.com\/wp-content\/uploads\/cursa5.webp 600w\" sizes=\"(max-width: 640px) 100vw, 600px\" \/><\/a><\/span><\/div><div class=\"fusion-builder-row fusion-builder-row-inner fusion-row fusion-flex-align-items-flex-start fusion-flex-content-wrap\" style=\"--awb-flex-grow:0;--awb-flex-grow-medium:0;--awb-flex-grow-small:0;--awb-flex-shrink:0;--awb-flex-shrink-medium:0;--awb-flex-shrink-small:0;width:104% !important;max-width:104% !important;margin-left: calc(-4% \/ 2 );margin-right: calc(-4% \/ 2 );\"><div class=\"fusion-layout-column fusion_builder_column_inner fusion-builder-nested-column-0 fusion_builder_column_inner_1_1 1_1 fusion-flex-column\" style=\"--awb-padding-top:30px;--awb-padding-right:15px;--awb-padding-bottom:24px;--awb-padding-left:15px;--awb-bg-size:cover;--awb-width-large:100%;--awb-margin-top-large:0px;--awb-spacing-right-large:1.92%;--awb-margin-bottom-large:0px;--awb-spacing-left-large:1.92%;--awb-width-medium:100%;--awb-order-medium:0;--awb-spacing-right-medium:1.92%;--awb-spacing-left-medium:1.92%;--awb-width-small:100%;--awb-order-small:0;--awb-spacing-right-small:1.92%;--awb-spacing-left-small:1.92%;\"><div class=\"fusion-column-wrapper fusion-column-has-shadow fusion-flex-justify-content-flex-start fusion-content-layout-column fusion-content-nowrap\"><div class=\"fusion-title title fusion-title-1 fusion-sep-none fusion-title-center fusion-title-text fusion-title-size-four\" style=\"--awb-text-color:#000000;--awb-margin-top:16px;--awb-margin-bottom:20px;--awb-margin-top-small:16px;--awb-margin-right-small:0px;--awb-margin-bottom-small:10px;--awb-margin-left-small:0px;--awb-link-color:#000000;--awb-link-hover-color:#000000;\"><h4 class=\"fusion-title-heading title-heading-center\" style=\"font-family:&quot;Montserrat&quot;;font-style:normal;font-weight:500;margin:0;\"><a href=\"https:\/\/timgad.com\/ca\/jan-isla-conquista-la-cursa-interempreses-can-gavarra-2024-2\/\" class=\"awb-custom-text-color awb-custom-text-hover-color\" target=\"_self\">Celebrem la vict\u00f2ria de Jan Isla en la Cursa Interempreses 2025<\/a><\/h4><\/div><div class=\"fusion-content-tb fusion-content-tb-1\" style=\"--awb-font-size:14px;--awb-content-alignment:justify;\"><p>Jan torna a guanyar la Cursa Interempreses en la seva tercera edici\u00f3. La jove promesa de l'atletisme continua collint assoliments.<\/p><\/div><\/div><\/div><\/div><\/div><\/li>\n<li class=\"fusion-layout-column fusion_builder_column fusion-builder-column-2 fusion-flex-column post-card fusion-grid-column fusion-post-cards-grid-column\" style=\"--awb-bg-size:cover;--awb-flex-grow:0;--awb-flex-shrink:0;--awb-flex-grow-medium:0;--awb-flex-shrink-medium:0;--awb-flex-grow-small:0;--awb-flex-shrink-small:0;\"><div class=\"fusion-column-wrapper fusion-column-has-shadow fusion-flex-justify-content-flex-start fusion-content-layout-column\"><div class=\"fusion-image-element \" style=\"--awb-caption-overlay-color:#65bc7b;--awb-caption-title-font-family:var(--h2_typography-font-family);--awb-caption-title-font-weight:var(--h2_typography-font-weight);--awb-caption-title-font-style:var(--h2_typography-font-style);--awb-caption-title-size:var(--h2_typography-font-size);--awb-caption-title-transform:var(--h2_typography-text-transform);--awb-caption-title-line-height:var(--h2_typography-line-height);--awb-caption-title-letter-spacing:var(--h2_typography-letter-spacing);\"><span class=\" fusion-imageframe imageframe-none imageframe-2 hover-type-none\"><a class=\"fusion-no-lightbox\" href=\"https:\/\/timgad.com\/ca\/en-jan-isla-conquesta-la-cursa-interempreses-can-gavarra-2024\/\" target=\"_self\" aria-label=\"jan-isla\"><img decoding=\"async\" width=\"600\" height=\"600\" alt=\"jan-isla\" src=\"https:\/\/timgad.com\/wp-content\/uploads\/jan-montanya-cerca.webp\" class=\"img-responsive wp-image-5630\" srcset=\"https:\/\/timgad.com\/wp-content\/uploads\/jan-montanya-cerca-200x200.webp 200w, https:\/\/timgad.com\/wp-content\/uploads\/jan-montanya-cerca-400x400.webp 400w, https:\/\/timgad.com\/wp-content\/uploads\/jan-montanya-cerca.webp 600w\" sizes=\"(max-width: 640px) 100vw, 600px\" \/><\/a><\/span><\/div><div class=\"fusion-builder-row fusion-builder-row-inner fusion-row fusion-flex-align-items-flex-start fusion-flex-content-wrap\" style=\"--awb-flex-grow:0;--awb-flex-grow-medium:0;--awb-flex-grow-small:0;--awb-flex-shrink:0;--awb-flex-shrink-medium:0;--awb-flex-shrink-small:0;width:104% !important;max-width:104% !important;margin-left: calc(-4% \/ 2 );margin-right: calc(-4% \/ 2 );\"><div class=\"fusion-layout-column fusion_builder_column_inner fusion-builder-nested-column-1 fusion_builder_column_inner_1_1 1_1 fusion-flex-column\" style=\"--awb-padding-top:30px;--awb-padding-right:15px;--awb-padding-bottom:24px;--awb-padding-left:15px;--awb-bg-size:cover;--awb-width-large:100%;--awb-margin-top-large:0px;--awb-spacing-right-large:1.92%;--awb-margin-bottom-large:0px;--awb-spacing-left-large:1.92%;--awb-width-medium:100%;--awb-order-medium:0;--awb-spacing-right-medium:1.92%;--awb-spacing-left-medium:1.92%;--awb-width-small:100%;--awb-order-small:0;--awb-spacing-right-small:1.92%;--awb-spacing-left-small:1.92%;\"><div class=\"fusion-column-wrapper fusion-column-has-shadow fusion-flex-justify-content-flex-start fusion-content-layout-column fusion-content-nowrap\"><div class=\"fusion-title title fusion-title-2 fusion-sep-none fusion-title-center fusion-title-text fusion-title-size-four\" style=\"--awb-text-color:#000000;--awb-margin-top:16px;--awb-margin-bottom:20px;--awb-margin-top-small:16px;--awb-margin-right-small:0px;--awb-margin-bottom-small:10px;--awb-margin-left-small:0px;--awb-link-color:#000000;--awb-link-hover-color:#000000;\"><h4 class=\"fusion-title-heading title-heading-center\" style=\"font-family:&quot;Montserrat&quot;;font-style:normal;font-weight:500;margin:0;\"><a href=\"https:\/\/timgad.com\/ca\/en-jan-isla-conquesta-la-cursa-interempreses-can-gavarra-2024\/\" class=\"awb-custom-text-color awb-custom-text-hover-color\" target=\"_self\">En Jan Isla conquesta la Cursa Interempreses Can Gavarra 2024<\/a><\/h4><\/div><div class=\"fusion-content-tb fusion-content-tb-2\" style=\"--awb-font-size:14px;--awb-content-alignment:justify;\"><p>Nos enorgullece respaldar el talento y el esfuerzo de un joven atleta de 16 a\u00f1os en su primera carrera, Jan Isla.<\/p><\/div><\/div><\/div><\/div><\/div><\/li>\n<li class=\"fusion-layout-column fusion_builder_column fusion-builder-column-3 fusion-flex-column post-card fusion-grid-column fusion-post-cards-grid-column\" style=\"--awb-bg-size:cover;--awb-flex-grow:0;--awb-flex-shrink:0;--awb-flex-grow-medium:0;--awb-flex-shrink-medium:0;--awb-flex-grow-small:0;--awb-flex-shrink-small:0;\"><div class=\"fusion-column-wrapper fusion-column-has-shadow fusion-flex-justify-content-flex-start fusion-content-layout-column\"><div class=\"fusion-image-element \" style=\"--awb-caption-overlay-color:#65bc7b;--awb-caption-title-font-family:var(--h2_typography-font-family);--awb-caption-title-font-weight:var(--h2_typography-font-weight);--awb-caption-title-font-style:var(--h2_typography-font-style);--awb-caption-title-size:var(--h2_typography-font-size);--awb-caption-title-transform:var(--h2_typography-text-transform);--awb-caption-title-line-height:var(--h2_typography-line-height);--awb-caption-title-letter-spacing:var(--h2_typography-letter-spacing);\"><span class=\" fusion-imageframe imageframe-none imageframe-3 hover-type-none\"><a class=\"fusion-no-lightbox\" href=\"https:\/\/timgad.com\/ca\/timgad-patrocina-a-una-jove-promesa-de-latletisme\/\" target=\"_self\" aria-label=\"jan isla\"><img decoding=\"async\" width=\"600\" height=\"600\" alt=\"Jan Isla - 37a Edici\u00f3 de la Cursa de Poliny\u00e0\" src=\"https:\/\/timgad.com\/wp-content\/uploads\/jan-isla.jpg\" class=\"img-responsive wp-image-5566\" srcset=\"https:\/\/timgad.com\/wp-content\/uploads\/jan-isla-200x200.jpg 200w, https:\/\/timgad.com\/wp-content\/uploads\/jan-isla-400x400.jpg 400w, https:\/\/timgad.com\/wp-content\/uploads\/jan-isla.jpg 600w\" sizes=\"(max-width: 640px) 100vw, 600px\" \/><\/a><\/span><\/div><div class=\"fusion-builder-row fusion-builder-row-inner fusion-row fusion-flex-align-items-flex-start fusion-flex-content-wrap\" style=\"--awb-flex-grow:0;--awb-flex-grow-medium:0;--awb-flex-grow-small:0;--awb-flex-shrink:0;--awb-flex-shrink-medium:0;--awb-flex-shrink-small:0;width:104% !important;max-width:104% !important;margin-left: calc(-4% \/ 2 );margin-right: calc(-4% \/ 2 );\"><div class=\"fusion-layout-column fusion_builder_column_inner fusion-builder-nested-column-2 fusion_builder_column_inner_1_1 1_1 fusion-flex-column\" style=\"--awb-padding-top:30px;--awb-padding-right:15px;--awb-padding-bottom:24px;--awb-padding-left:15px;--awb-bg-size:cover;--awb-width-large:100%;--awb-margin-top-large:0px;--awb-spacing-right-large:1.92%;--awb-margin-bottom-large:0px;--awb-spacing-left-large:1.92%;--awb-width-medium:100%;--awb-order-medium:0;--awb-spacing-right-medium:1.92%;--awb-spacing-left-medium:1.92%;--awb-width-small:100%;--awb-order-small:0;--awb-spacing-right-small:1.92%;--awb-spacing-left-small:1.92%;\"><div class=\"fusion-column-wrapper fusion-column-has-shadow fusion-flex-justify-content-flex-start fusion-content-layout-column fusion-content-nowrap\"><div class=\"fusion-title title fusion-title-3 fusion-sep-none fusion-title-center fusion-title-text fusion-title-size-four\" style=\"--awb-text-color:#000000;--awb-margin-top:16px;--awb-margin-bottom:20px;--awb-margin-top-small:16px;--awb-margin-right-small:0px;--awb-margin-bottom-small:10px;--awb-margin-left-small:0px;--awb-link-color:#000000;--awb-link-hover-color:#000000;\"><h4 class=\"fusion-title-heading title-heading-center\" style=\"font-family:&quot;Montserrat&quot;;font-style:normal;font-weight:500;margin:0;\"><a href=\"https:\/\/timgad.com\/ca\/timgad-patrocina-a-una-jove-promesa-de-latletisme\/\" class=\"awb-custom-text-color awb-custom-text-hover-color\" target=\"_self\">Timgad patrocina a una jove promesa de l\u2019atletisme<\/a><\/h4><\/div><div class=\"fusion-content-tb fusion-content-tb-3\" style=\"--awb-font-size:14px;--awb-content-alignment:justify;\"><p>Ens enorgulleix recolzar el talent i l'esfor\u00e7 d'un jove atleta de 16 anys en la seva primera carrera, en Jan Isla.<\/p><\/div><\/div><\/div><\/div><\/div><\/li>\n<li class=\"fusion-layout-column fusion_builder_column fusion-builder-column-4 fusion-flex-column post-card fusion-grid-column fusion-post-cards-grid-column\" style=\"--awb-bg-size:cover;--awb-flex-grow:0;--awb-flex-shrink:0;--awb-flex-grow-medium:0;--awb-flex-shrink-medium:0;--awb-flex-grow-small:0;--awb-flex-shrink-small:0;\"><div class=\"fusion-column-wrapper fusion-column-has-shadow fusion-flex-justify-content-flex-start fusion-content-layout-column\"><div class=\"fusion-image-element \" style=\"--awb-caption-overlay-color:#65bc7b;--awb-caption-title-font-family:var(--h2_typography-font-family);--awb-caption-title-font-weight:var(--h2_typography-font-weight);--awb-caption-title-font-style:var(--h2_typography-font-style);--awb-caption-title-size:var(--h2_typography-font-size);--awb-caption-title-transform:var(--h2_typography-text-transform);--awb-caption-title-line-height:var(--h2_typography-line-height);--awb-caption-title-letter-spacing:var(--h2_typography-letter-spacing);\"><span class=\" fusion-imageframe imageframe-none imageframe-4 hover-type-none\"><a class=\"fusion-no-lightbox\" href=\"https:\/\/timgad.com\/ca\/timgad-celebra-els-seus-35-anys-dhistoria-estrenant-web\/\" target=\"_self\" aria-label=\"timgad-web-nueva\"><img decoding=\"async\" width=\"600\" height=\"600\" alt=\"Palets y embalajes de madera a medida TIMGAD\" src=\"https:\/\/timgad.com\/wp-content\/uploads\/timgad-web-nueva.webp\" class=\"img-responsive wp-image-4937\" srcset=\"https:\/\/timgad.com\/wp-content\/uploads\/timgad-web-nueva-200x200.webp 200w, https:\/\/timgad.com\/wp-content\/uploads\/timgad-web-nueva-400x400.webp 400w, https:\/\/timgad.com\/wp-content\/uploads\/timgad-web-nueva.webp 600w\" sizes=\"(max-width: 640px) 100vw, 600px\" \/><\/a><\/span><\/div><div class=\"fusion-builder-row fusion-builder-row-inner fusion-row fusion-flex-align-items-flex-start fusion-flex-content-wrap\" style=\"--awb-flex-grow:0;--awb-flex-grow-medium:0;--awb-flex-grow-small:0;--awb-flex-shrink:0;--awb-flex-shrink-medium:0;--awb-flex-shrink-small:0;width:104% !important;max-width:104% !important;margin-left: calc(-4% \/ 2 );margin-right: calc(-4% \/ 2 );\"><div class=\"fusion-layout-column fusion_builder_column_inner fusion-builder-nested-column-3 fusion_builder_column_inner_1_1 1_1 fusion-flex-column\" style=\"--awb-padding-top:30px;--awb-padding-right:15px;--awb-padding-bottom:24px;--awb-padding-left:15px;--awb-bg-size:cover;--awb-width-large:100%;--awb-margin-top-large:0px;--awb-spacing-right-large:1.92%;--awb-margin-bottom-large:0px;--awb-spacing-left-large:1.92%;--awb-width-medium:100%;--awb-order-medium:0;--awb-spacing-right-medium:1.92%;--awb-spacing-left-medium:1.92%;--awb-width-small:100%;--awb-order-small:0;--awb-spacing-right-small:1.92%;--awb-spacing-left-small:1.92%;\"><div class=\"fusion-column-wrapper fusion-column-has-shadow fusion-flex-justify-content-flex-start fusion-content-layout-column fusion-content-nowrap\"><div class=\"fusion-title title fusion-title-4 fusion-sep-none fusion-title-center fusion-title-text fusion-title-size-four\" style=\"--awb-text-color:#000000;--awb-margin-top:16px;--awb-margin-bottom:20px;--awb-margin-top-small:16px;--awb-margin-right-small:0px;--awb-margin-bottom-small:10px;--awb-margin-left-small:0px;--awb-link-color:#000000;--awb-link-hover-color:#000000;\"><h4 class=\"fusion-title-heading title-heading-center\" style=\"font-family:&quot;Montserrat&quot;;font-style:normal;font-weight:500;margin:0;\"><a href=\"https:\/\/timgad.com\/ca\/timgad-celebra-els-seus-35-anys-dhistoria-estrenant-web\/\" class=\"awb-custom-text-color awb-custom-text-hover-color\" target=\"_self\">Timgad celebra els seus 35 anys d&#8217;hist\u00f2ria estrenant web<\/a><\/h4><\/div><div class=\"fusion-content-tb fusion-content-tb-4\" style=\"--awb-font-size:14px;--awb-content-alignment:justify;\"><p>A Timgad estem d'enhorabona. Ens alegra compartir amb els nostres clients una noticia que ens fa molt feli\u00e7os.<\/p><\/div><\/div><\/div><\/div><\/div><\/li>\n<li class=\"fusion-layout-column fusion_builder_column fusion-builder-column-5 fusion-flex-column post-card fusion-grid-column fusion-post-cards-grid-column\" style=\"--awb-bg-size:cover;--awb-flex-grow:0;--awb-flex-shrink:0;--awb-flex-grow-medium:0;--awb-flex-shrink-medium:0;--awb-flex-grow-small:0;--awb-flex-shrink-small:0;\"><div class=\"fusion-column-wrapper fusion-column-has-shadow fusion-flex-justify-content-flex-start fusion-content-layout-column\"><div class=\"fusion-image-element \" style=\"--awb-caption-overlay-color:#65bc7b;--awb-caption-title-font-family:var(--h2_typography-font-family);--awb-caption-title-font-weight:var(--h2_typography-font-weight);--awb-caption-title-font-style:var(--h2_typography-font-style);--awb-caption-title-size:var(--h2_typography-font-size);--awb-caption-title-transform:var(--h2_typography-text-transform);--awb-caption-title-line-height:var(--h2_typography-line-height);--awb-caption-title-letter-spacing:var(--h2_typography-letter-spacing);\"><span class=\" fusion-imageframe imageframe-none imageframe-5 hover-type-none\"><a class=\"fusion-no-lightbox\" href=\"https:\/\/timgad.com\/ca\/empack-i-les-solucions-per-al-transport-internacional\/\" target=\"_self\" aria-label=\"Empack i les solucions per al transport internacional\"><img decoding=\"async\" width=\"645\" height=\"645\" alt=\"Empack i les solucions per al transport internacional\" src=\"https:\/\/timgad.com\/wp-content\/uploads\/Empack-i-les-solucions-per-al-transport-internacional.webp\" class=\"img-responsive wp-image-4908\" srcset=\"https:\/\/timgad.com\/wp-content\/uploads\/Empack-i-les-solucions-per-al-transport-internacional-200x200.webp 200w, https:\/\/timgad.com\/wp-content\/uploads\/Empack-i-les-solucions-per-al-transport-internacional-400x400.webp 400w, https:\/\/timgad.com\/wp-content\/uploads\/Empack-i-les-solucions-per-al-transport-internacional-600x600.webp 600w, https:\/\/timgad.com\/wp-content\/uploads\/Empack-i-les-solucions-per-al-transport-internacional.webp 645w\" sizes=\"(max-width: 640px) 100vw, 645px\" \/><\/a><\/span><\/div><div class=\"fusion-builder-row fusion-builder-row-inner fusion-row fusion-flex-align-items-flex-start fusion-flex-content-wrap\" style=\"--awb-flex-grow:0;--awb-flex-grow-medium:0;--awb-flex-grow-small:0;--awb-flex-shrink:0;--awb-flex-shrink-medium:0;--awb-flex-shrink-small:0;width:104% !important;max-width:104% !important;margin-left: calc(-4% \/ 2 );margin-right: calc(-4% \/ 2 );\"><div class=\"fusion-layout-column fusion_builder_column_inner fusion-builder-nested-column-4 fusion_builder_column_inner_1_1 1_1 fusion-flex-column\" style=\"--awb-padding-top:30px;--awb-padding-right:15px;--awb-padding-bottom:24px;--awb-padding-left:15px;--awb-bg-size:cover;--awb-width-large:100%;--awb-margin-top-large:0px;--awb-spacing-right-large:1.92%;--awb-margin-bottom-large:0px;--awb-spacing-left-large:1.92%;--awb-width-medium:100%;--awb-order-medium:0;--awb-spacing-right-medium:1.92%;--awb-spacing-left-medium:1.92%;--awb-width-small:100%;--awb-order-small:0;--awb-spacing-right-small:1.92%;--awb-spacing-left-small:1.92%;\"><div class=\"fusion-column-wrapper fusion-column-has-shadow fusion-flex-justify-content-flex-start fusion-content-layout-column fusion-content-nowrap\"><div class=\"fusion-title title fusion-title-5 fusion-sep-none fusion-title-center fusion-title-text fusion-title-size-four\" style=\"--awb-text-color:#000000;--awb-margin-top:16px;--awb-margin-bottom:20px;--awb-margin-top-small:16px;--awb-margin-right-small:0px;--awb-margin-bottom-small:10px;--awb-margin-left-small:0px;--awb-link-color:#000000;--awb-link-hover-color:#000000;\"><h4 class=\"fusion-title-heading title-heading-center\" style=\"font-family:&quot;Montserrat&quot;;font-style:normal;font-weight:500;margin:0;\"><a href=\"https:\/\/timgad.com\/ca\/empack-i-les-solucions-per-al-transport-internacional\/\" class=\"awb-custom-text-color awb-custom-text-hover-color\" target=\"_self\">Empack i les solucions per al transport internacional<\/a><\/h4><\/div><div class=\"fusion-content-tb fusion-content-tb-5\" style=\"--awb-font-size:14px;--awb-content-alignment:justify;\"><p>Els sectors log\u00edstic i de l\u2019envasament han sofert en els \u00faltims anys una revoluci\u00f3, que ha arribat principalment de la m\u00e0 del comer\u00e7 electr\u00f2nic. El [...]<\/p><\/div><\/div><\/div><\/div><\/div><\/li>\n<li class=\"fusion-layout-column fusion_builder_column fusion-builder-column-6 fusion-flex-column post-card fusion-grid-column fusion-post-cards-grid-column\" style=\"--awb-bg-size:cover;--awb-flex-grow:0;--awb-flex-shrink:0;--awb-flex-grow-medium:0;--awb-flex-shrink-medium:0;--awb-flex-grow-small:0;--awb-flex-shrink-small:0;\"><div class=\"fusion-column-wrapper fusion-column-has-shadow fusion-flex-justify-content-flex-start fusion-content-layout-column\"><div class=\"fusion-image-element \" style=\"--awb-caption-overlay-color:#65bc7b;--awb-caption-title-font-family:var(--h2_typography-font-family);--awb-caption-title-font-weight:var(--h2_typography-font-weight);--awb-caption-title-font-style:var(--h2_typography-font-style);--awb-caption-title-size:var(--h2_typography-font-size);--awb-caption-title-transform:var(--h2_typography-text-transform);--awb-caption-title-line-height:var(--h2_typography-line-height);--awb-caption-title-letter-spacing:var(--h2_typography-letter-spacing);\"><span class=\" fusion-imageframe imageframe-none imageframe-6 hover-type-none\"><a class=\"fusion-no-lightbox\" href=\"https:\/\/timgad.com\/ca\/timgad-col%c2%b7labora-en-la-reforma-del-refugi-de-la-uec-en-el-llac-de-airoto\/\" target=\"_self\" aria-label=\"TIMGAD col\u00b7labora en la reforma del Refugi de la UEC en el Llac de Airoto\"><img decoding=\"async\" width=\"451\" height=\"451\" alt=\"TIMGAD col\u00b7labora en la reforma del Refugi de la UEC en el Llac de Airoto\" src=\"https:\/\/timgad.com\/wp-content\/uploads\/mantenimiento-refugio-airoto.webp\" class=\"img-responsive wp-image-4902\" srcset=\"https:\/\/timgad.com\/wp-content\/uploads\/mantenimiento-refugio-airoto-200x200.webp 200w, https:\/\/timgad.com\/wp-content\/uploads\/mantenimiento-refugio-airoto-400x400.webp 400w, https:\/\/timgad.com\/wp-content\/uploads\/mantenimiento-refugio-airoto.webp 451w\" sizes=\"(max-width: 640px) 100vw, 451px\" \/><\/a><\/span><\/div><div class=\"fusion-builder-row fusion-builder-row-inner fusion-row fusion-flex-align-items-flex-start fusion-flex-content-wrap\" style=\"--awb-flex-grow:0;--awb-flex-grow-medium:0;--awb-flex-grow-small:0;--awb-flex-shrink:0;--awb-flex-shrink-medium:0;--awb-flex-shrink-small:0;width:104% !important;max-width:104% !important;margin-left: calc(-4% \/ 2 );margin-right: calc(-4% \/ 2 );\"><div class=\"fusion-layout-column fusion_builder_column_inner fusion-builder-nested-column-5 fusion_builder_column_inner_1_1 1_1 fusion-flex-column\" style=\"--awb-padding-top:30px;--awb-padding-right:15px;--awb-padding-bottom:24px;--awb-padding-left:15px;--awb-bg-size:cover;--awb-width-large:100%;--awb-margin-top-large:0px;--awb-spacing-right-large:1.92%;--awb-margin-bottom-large:0px;--awb-spacing-left-large:1.92%;--awb-width-medium:100%;--awb-order-medium:0;--awb-spacing-right-medium:1.92%;--awb-spacing-left-medium:1.92%;--awb-width-small:100%;--awb-order-small:0;--awb-spacing-right-small:1.92%;--awb-spacing-left-small:1.92%;\"><div class=\"fusion-column-wrapper fusion-column-has-shadow fusion-flex-justify-content-flex-start fusion-content-layout-column fusion-content-nowrap\"><div class=\"fusion-title title fusion-title-6 fusion-sep-none fusion-title-center fusion-title-text fusion-title-size-four\" style=\"--awb-text-color:#000000;--awb-margin-top:16px;--awb-margin-bottom:20px;--awb-margin-top-small:16px;--awb-margin-right-small:0px;--awb-margin-bottom-small:10px;--awb-margin-left-small:0px;--awb-link-color:#000000;--awb-link-hover-color:#000000;\"><h4 class=\"fusion-title-heading title-heading-center\" style=\"font-family:&quot;Montserrat&quot;;font-style:normal;font-weight:500;margin:0;\"><a href=\"https:\/\/timgad.com\/ca\/timgad-col%c2%b7labora-en-la-reforma-del-refugi-de-la-uec-en-el-llac-de-airoto\/\" class=\"awb-custom-text-color awb-custom-text-hover-color\" target=\"_self\">TIMGAD col\u00b7labora en la reforma del Refugi de la UEC en el Llac de Airoto<\/a><\/h4><\/div><div class=\"fusion-content-tb fusion-content-tb-6\" style=\"--awb-font-size:14px;--awb-content-alignment:justify;\"><p>MANTENIMIENTO REFUGIO AIROTO  Joan Casellas, Gerent de TIMGAD S.A. i soci de la UEC va col\u00b7laborar en les tasques de reforma i millora del [...]<\/p><\/div><\/div><\/div><\/div><\/div><\/li>\n<\/ul><\/div><\/div><\/div><\/div><\/div>\n","protected":false},"excerpt":{"rendered":"","protected":false},"author":1,"featured_media":3910,"parent":0,"menu_order":0,"comment_status":"closed","ping_status":"closed","template":"100-width.php","meta":{"footnotes":""},"class_list":["post-4897","page","type-page","status-publish","has-post-thumbnail","hentry"],"yoast_head":"<!-- This site is optimized with the Yoast SEO plugin v27.4 - https:\/\/yoast.com\/product\/yoast-seo-wordpress\/ -->\n<title>Noticies i actualitat sobre palets de fusta i embalatges - TIMGAD<\/title>\n<meta name=\"description\" content=\"Noticies, articles, consells i opinions sobre el sector de la fabricaci\u00f3 de palets i embalatges de fusta a mida.\" \/>\n<meta name=\"robots\" content=\"index, follow, max-snippet:-1, max-image-preview:large, max-video-preview:-1\" \/>\n<link rel=\"canonical\" href=\"https:\/\/timgad.com\/ca\/el-nostre-blog\/\" \/>\n<meta property=\"og:locale\" content=\"ca_ES\" \/>\n<meta property=\"og:type\" content=\"article\" \/>\n<meta property=\"og:title\" content=\"Noticies i actualitat sobre palets de fusta i embalatges - TIMGAD\" \/>\n<meta property=\"og:description\" content=\"Noticies, articles, consells i opinions sobre el sector de la fabricaci\u00f3 de palets i embalatges de fusta a mida.\" \/>\n<meta property=\"og:url\" content=\"https:\/\/timgad.com\/ca\/el-nostre-blog\/\" \/>\n<meta property=\"og:site_name\" content=\"Palets y embalajes de madera a medida TIMGAD\" \/>\n<meta property=\"article:modified_time\" content=\"2022-03-28T15:15:57+00:00\" \/>\n<meta property=\"og:image\" content=\"https:\/\/timgad.com\/wp-content\/uploads\/servicios-blog.webp\" \/>\n\t<meta property=\"og:image:width\" content=\"176\" \/>\n\t<meta property=\"og:image:height\" content=\"250\" \/>\n\t<meta property=\"og:image:type\" content=\"image\/webp\" \/>\n<meta name=\"twitter:card\" content=\"summary_large_image\" \/>\n<meta name=\"twitter:label1\" content=\"Temps estimat de lectura\" \/>\n\t<meta name=\"twitter:data1\" content=\"3 minutes\" \/>\n<script type=\"application\/ld+json\" class=\"yoast-schema-graph\">{\"@context\":\"https:\\\/\\\/schema.org\",\"@graph\":[{\"@type\":\"WebPage\",\"@id\":\"https:\\\/\\\/timgad.com\\\/ca\\\/el-nostre-blog\\\/\",\"url\":\"https:\\\/\\\/timgad.com\\\/ca\\\/el-nostre-blog\\\/\",\"name\":\"Noticies i actualitat sobre palets de fusta i embalatges - TIMGAD\",\"isPartOf\":{\"@id\":\"https:\\\/\\\/timgad.com\\\/ca\\\/#website\"},\"primaryImageOfPage\":{\"@id\":\"https:\\\/\\\/timgad.com\\\/ca\\\/el-nostre-blog\\\/#primaryimage\"},\"image\":{\"@id\":\"https:\\\/\\\/timgad.com\\\/ca\\\/el-nostre-blog\\\/#primaryimage\"},\"thumbnailUrl\":\"https:\\\/\\\/timgad.com\\\/wp-content\\\/uploads\\\/servicios-blog.webp\",\"datePublished\":\"2021-12-10T13:14:30+00:00\",\"dateModified\":\"2022-03-28T15:15:57+00:00\",\"description\":\"Noticies, articles, consells i opinions sobre el sector de la fabricaci\u00f3 de palets i embalatges de fusta a mida.\",\"breadcrumb\":{\"@id\":\"https:\\\/\\\/timgad.com\\\/ca\\\/el-nostre-blog\\\/#breadcrumb\"},\"inLanguage\":\"ca\",\"potentialAction\":[{\"@type\":\"ReadAction\",\"target\":[\"https:\\\/\\\/timgad.com\\\/ca\\\/el-nostre-blog\\\/\"]}]},{\"@type\":\"ImageObject\",\"inLanguage\":\"ca\",\"@id\":\"https:\\\/\\\/timgad.com\\\/ca\\\/el-nostre-blog\\\/#primaryimage\",\"url\":\"https:\\\/\\\/timgad.com\\\/wp-content\\\/uploads\\\/servicios-blog.webp\",\"contentUrl\":\"https:\\\/\\\/timgad.com\\\/wp-content\\\/uploads\\\/servicios-blog.webp\",\"width\":176,\"height\":250,\"caption\":\"Palets y embalajes de madera a medida TIMGAD\"},{\"@type\":\"BreadcrumbList\",\"@id\":\"https:\\\/\\\/timgad.com\\\/ca\\\/el-nostre-blog\\\/#breadcrumb\",\"itemListElement\":[{\"@type\":\"ListItem\",\"position\":1,\"name\":\"Portada\",\"item\":\"https:\\\/\\\/timgad.com\\\/ca\\\/\"},{\"@type\":\"ListItem\",\"position\":2,\"name\":\"El nostre Blog\"}]},{\"@type\":\"WebSite\",\"@id\":\"https:\\\/\\\/timgad.com\\\/ca\\\/#website\",\"url\":\"https:\\\/\\\/timgad.com\\\/ca\\\/\",\"name\":\"Palets y embalajes de madera a medida TIMGAD\",\"description\":\"Podemos asegurarle que en Timgad encontrar\u00e1 la soluci\u00f3n de equipamiento de palets y embalajes de madera que est\u00e1 buscando su empresa.\",\"publisher\":{\"@id\":\"https:\\\/\\\/timgad.com\\\/ca\\\/#organization\"},\"potentialAction\":[{\"@type\":\"SearchAction\",\"target\":{\"@type\":\"EntryPoint\",\"urlTemplate\":\"https:\\\/\\\/timgad.com\\\/ca\\\/?s={search_term_string}\"},\"query-input\":{\"@type\":\"PropertyValueSpecification\",\"valueRequired\":true,\"valueName\":\"search_term_string\"}}],\"inLanguage\":\"ca\"},{\"@type\":\"Organization\",\"@id\":\"https:\\\/\\\/timgad.com\\\/ca\\\/#organization\",\"name\":\"Timgad, S.A.\",\"url\":\"https:\\\/\\\/timgad.com\\\/ca\\\/\",\"logo\":{\"@type\":\"ImageObject\",\"inLanguage\":\"ca\",\"@id\":\"https:\\\/\\\/timgad.com\\\/ca\\\/#\\\/schema\\\/logo\\\/image\\\/\",\"url\":\"https:\\\/\\\/timgad.com\\\/wp-content\\\/uploads\\\/35-anys-timgad-footer.webp\",\"contentUrl\":\"https:\\\/\\\/timgad.com\\\/wp-content\\\/uploads\\\/35-anys-timgad-footer.webp\",\"width\":351,\"height\":115,\"caption\":\"Timgad, S.A.\"},\"image\":{\"@id\":\"https:\\\/\\\/timgad.com\\\/ca\\\/#\\\/schema\\\/logo\\\/image\\\/\"}}]}<\/script>\n<!-- \/ Yoast SEO plugin. -->","yoast_head_json":{"title":"Noticies i actualitat sobre palets de fusta i embalatges - TIMGAD","description":"Noticies, articles, consells i opinions sobre el sector de la fabricaci\u00f3 de palets i embalatges de fusta a mida.","robots":{"index":"index","follow":"follow","max-snippet":"max-snippet:-1","max-image-preview":"max-image-preview:large","max-video-preview":"max-video-preview:-1"},"canonical":"https:\/\/timgad.com\/ca\/el-nostre-blog\/","og_locale":"ca_ES","og_type":"article","og_title":"Noticies i actualitat sobre palets de fusta i embalatges - TIMGAD","og_description":"Noticies, articles, consells i opinions sobre el sector de la fabricaci\u00f3 de palets i embalatges de fusta a mida.","og_url":"https:\/\/timgad.com\/ca\/el-nostre-blog\/","og_site_name":"Palets y embalajes de madera a medida TIMGAD","article_modified_time":"2022-03-28T15:15:57+00:00","og_image":[{"width":176,"height":250,"url":"https:\/\/timgad.com\/wp-content\/uploads\/servicios-blog.webp","type":"image\/webp"}],"twitter_card":"summary_large_image","twitter_misc":{"Temps estimat de lectura":"3 minutes"},"schema":{"@context":"https:\/\/schema.org","@graph":[{"@type":"WebPage","@id":"https:\/\/timgad.com\/ca\/el-nostre-blog\/","url":"https:\/\/timgad.com\/ca\/el-nostre-blog\/","name":"Noticies i actualitat sobre palets de fusta i embalatges - TIMGAD","isPartOf":{"@id":"https:\/\/timgad.com\/ca\/#website"},"primaryImageOfPage":{"@id":"https:\/\/timgad.com\/ca\/el-nostre-blog\/#primaryimage"},"image":{"@id":"https:\/\/timgad.com\/ca\/el-nostre-blog\/#primaryimage"},"thumbnailUrl":"https:\/\/timgad.com\/wp-content\/uploads\/servicios-blog.webp","datePublished":"2021-12-10T13:14:30+00:00","dateModified":"2022-03-28T15:15:57+00:00","description":"Noticies, articles, consells i opinions sobre el sector de la fabricaci\u00f3 de palets i embalatges de fusta a mida.","breadcrumb":{"@id":"https:\/\/timgad.com\/ca\/el-nostre-blog\/#breadcrumb"},"inLanguage":"ca","potentialAction":[{"@type":"ReadAction","target":["https:\/\/timgad.com\/ca\/el-nostre-blog\/"]}]},{"@type":"ImageObject","inLanguage":"ca","@id":"https:\/\/timgad.com\/ca\/el-nostre-blog\/#primaryimage","url":"https:\/\/timgad.com\/wp-content\/uploads\/servicios-blog.webp","contentUrl":"https:\/\/timgad.com\/wp-content\/uploads\/servicios-blog.webp","width":176,"height":250,"caption":"Palets y embalajes de madera a medida TIMGAD"},{"@type":"BreadcrumbList","@id":"https:\/\/timgad.com\/ca\/el-nostre-blog\/#breadcrumb","itemListElement":[{"@type":"ListItem","position":1,"name":"Portada","item":"https:\/\/timgad.com\/ca\/"},{"@type":"ListItem","position":2,"name":"El nostre Blog"}]},{"@type":"WebSite","@id":"https:\/\/timgad.com\/ca\/#website","url":"https:\/\/timgad.com\/ca\/","name":"Palets y embalajes de madera a medida TIMGAD","description":"Podemos asegurarle que en Timgad encontrar\u00e1 la soluci\u00f3n de equipamiento de palets y embalajes de madera que est\u00e1 buscando su empresa.","publisher":{"@id":"https:\/\/timgad.com\/ca\/#organization"},"potentialAction":[{"@type":"SearchAction","target":{"@type":"EntryPoint","urlTemplate":"https:\/\/timgad.com\/ca\/?s={search_term_string}"},"query-input":{"@type":"PropertyValueSpecification","valueRequired":true,"valueName":"search_term_string"}}],"inLanguage":"ca"},{"@type":"Organization","@id":"https:\/\/timgad.com\/ca\/#organization","name":"Timgad, S.A.","url":"https:\/\/timgad.com\/ca\/","logo":{"@type":"ImageObject","inLanguage":"ca","@id":"https:\/\/timgad.com\/ca\/#\/schema\/logo\/image\/","url":"https:\/\/timgad.com\/wp-content\/uploads\/35-anys-timgad-footer.webp","contentUrl":"https:\/\/timgad.com\/wp-content\/uploads\/35-anys-timgad-footer.webp","width":351,"height":115,"caption":"Timgad, S.A."},"image":{"@id":"https:\/\/timgad.com\/ca\/#\/schema\/logo\/image\/"}}]}},"_links":{"self":[{"href":"https:\/\/timgad.com\/ca\/wp-json\/wp\/v2\/pages\/4897","targetHints":{"allow":["GET"]}}],"collection":[{"href":"https:\/\/timgad.com\/ca\/wp-json\/wp\/v2\/pages"}],"about":[{"href":"https:\/\/timgad.com\/ca\/wp-json\/wp\/v2\/types\/page"}],"author":[{"embeddable":true,"href":"https:\/\/timgad.com\/ca\/wp-json\/wp\/v2\/users\/1"}],"replies":[{"embeddable":true,"href":"https:\/\/timgad.com\/ca\/wp-json\/wp\/v2\/comments?post=4897"}],"version-history":[{"count":4,"href":"https:\/\/timgad.com\/ca\/wp-json\/wp\/v2\/pages\/4897\/revisions"}],"predecessor-version":[{"id":4979,"href":"https:\/\/timgad.com\/ca\/wp-json\/wp\/v2\/pages\/4897\/revisions\/4979"}],"wp:featuredmedia":[{"embeddable":true,"href":"https:\/\/timgad.com\/ca\/wp-json\/wp\/v2\/media\/3910"}],"wp:attachment":[{"href":"https:\/\/timgad.com\/ca\/wp-json\/wp\/v2\/media?parent=4897"}],"curies":[{"name":"wp","href":"https:\/\/api.w.org\/{rel}","templated":true}]}}